{"id":549,"date":"2023-05-29T12:13:56","date_gmt":"2023-05-29T10:13:56","guid":{"rendered":"https:\/\/www.centremedicestartit.com\/professionnels\/"},"modified":"2026-02-12T08:00:29","modified_gmt":"2026-02-12T07:00:29","slug":"professionnels","status":"publish","type":"page","link":"https:\/\/www.centremedicestartit.com\/fr\/professionnels\/","title":{"rendered":"Professionnels"},"content":{"rendered":"\n<style type=\"text\/css\" data-created_by=\"avia_inline_auto\" id=\"style-css-av-pebzp-a8e2ef71cbe3f896cfba666d74b01e4c\">\n.avia-section.av-pebzp-a8e2ef71cbe3f896cfba666d74b01e4c{\nbackground-repeat:no-repeat;\nbackground-image:url(https:\/\/www.centremedicestartit.com\/wp-content\/uploads\/2023\/04\/centre-medic-hd-03.jpg);\nbackground-position:50% 50%;\nbackground-attachment:scroll;\n}\n.avia-section.av-pebzp-a8e2ef71cbe3f896cfba666d74b01e4c .av-section-color-overlay{\nopacity:0.8;\nbackground-color:#091d3e;\n}\n<\/style>\n<div id='av_section_1'  class='avia-section av-pebzp-a8e2ef71cbe3f896cfba666d74b01e4c main_color avia-section-default avia-no-border-styling  avia-builder-el-0  el_before_av_one_full  avia-builder-el-first  avia-bg-style-scroll av-section-color-overlay-active av-minimum-height av-minimum-height-25 av-height-25  container_wrap sidebar_right'  data-section-bg-repeat='no-repeat' data-av_minimum_height_pc='25' data-av_min_height_opt='25'><div class=\"av-section-color-overlay-wrap\"><div class=\"av-section-color-overlay\"><\/div><div class='container av-section-cont-open' ><main  role=\"main\" itemprop=\"mainContentOfPage\"  class='template-page content  av-content-small alpha units'><div class='post-entry post-entry-type-page post-entry-549'><div class='entry-content-wrapper clearfix'>\n\n<style type=\"text\/css\" data-created_by=\"avia_inline_auto\" id=\"style-css-av-lgnrxnpt-899c6a3a2cc087782aef34fd85d1908f\">\n#top .av-special-heading.av-lgnrxnpt-899c6a3a2cc087782aef34fd85d1908f{\npadding-bottom:10px;\ncolor:#ffffff;\n}\nbody .av-special-heading.av-lgnrxnpt-899c6a3a2cc087782aef34fd85d1908f .av-special-heading-tag .heading-char{\nfont-size:25px;\n}\n.av-special-heading.av-lgnrxnpt-899c6a3a2cc087782aef34fd85d1908f .special-heading-inner-border{\nborder-color:#ffffff;\n}\n.av-special-heading.av-lgnrxnpt-899c6a3a2cc087782aef34fd85d1908f .av-subheading{\nfont-size:15px;\n}\n<\/style>\n<div  class='av-special-heading av-lgnrxnpt-899c6a3a2cc087782aef34fd85d1908f av-special-heading-h1 custom-color-heading blockquote modern-quote  avia-builder-el-1  avia-builder-el-no-sibling '><h1 class='av-special-heading-tag '  itemprop=\"headline\"  >Professionnels<\/h1><div class=\"special-heading-border\"><div class=\"special-heading-inner-border\"><\/div><\/div><\/div>\n<\/div><\/div><\/main><!-- close content main element --><\/div><\/div><\/div><div id='after_section_1'  class='main_color av_default_container_wrap container_wrap sidebar_right'  ><div class='container av-section-cont-open' ><div class='template-page content  av-content-small alpha units'><div class='post-entry post-entry-type-page post-entry-549'><div class='entry-content-wrapper clearfix'>\n<div  class='flex_column av-9ph45-d2b04da8fa1352b406026a08bf343b59 av_one_full  avia-builder-el-2  el_after_av_section  el_before_av_one_third  avia-builder-el-first  first flex_column_div  '     ><section  class='av_textblock_section av-lgns3sk2-c80c714c0c6de266a0f9b9c56be3a62d '   itemscope=\"itemscope\" itemtype=\"https:\/\/schema.org\/CreativeWork\" ><div class='avia_textblock'  itemprop=\"text\" ><p>Vous trouverez ci-dessous les professionnels de la sant\u00e9 qui font partie de notre \u00e9quipe m\u00e9dicale.<\/p>\n<p>Nous travaillons ensemble pour fournir les meilleurs soins possibles \u00e0 nos patients, et nous nous effor\u00e7ons toujours d&rsquo;offrir un service de qualit\u00e9 et personnalis\u00e9.<\/p>\n<\/div><\/section><\/div>\n<div  class='flex_column av-jrsbp-f278d4dd322b7fb90b3217ca447efec3 av_one_third  avia-builder-el-4  el_after_av_one_full  el_before_av_one_third  first flex_column_div  column-top-margin'     ><p>\n<style type=\"text\/css\" data-created_by=\"avia_inline_auto\" id=\"style-css-av-guqot-d23d919649211c3b99936ec5256f6515\">\n.avia-image-container.av-guqot-d23d919649211c3b99936ec5256f6515 img.avia_image{\nbox-shadow:none;\n}\n.avia-image-container.av-guqot-d23d919649211c3b99936ec5256f6515 .av-image-caption-overlay-center{\ncolor:#ffffff;\n}\n<\/style>\n<div  class='avia-image-container av-guqot-d23d919649211c3b99936ec5256f6515 av-styling- avia-align-left  avia-builder-el-5  el_before_av_hr  avia-builder-el-first '   itemprop=\"image\" itemscope=\"itemscope\" itemtype=\"https:\/\/schema.org\/ImageObject\" ><div class=\"avia-image-container-inner\"><div class=\"avia-image-overlay-wrap\"><img decoding=\"async\" fetchpriority=\"high\" class='wp-image-524 avia-img-lazy-loading-not-524 avia_image ' src=\"https:\/\/www.centremedicestartit.com\/wp-content\/uploads\/2023\/04\/favicon.png\" alt='' title='Centre M\u00e8dic Estartit - Costa Brava'  height=\"64\" width=\"64\"  itemprop=\"thumbnailUrl\"  \/><\/div><\/div><\/div><br \/>\n\n<style type=\"text\/css\" data-created_by=\"avia_inline_auto\" id=\"style-css-av-1mk4d-4073177e3484349e5481f3e1a90531aa\">\n#top .hr.hr-invisible.av-1mk4d-4073177e3484349e5481f3e1a90531aa{\nheight:5px;\n}\n<\/style>\n<div  class='hr av-1mk4d-4073177e3484349e5481f3e1a90531aa hr-invisible  avia-builder-el-6  el_after_av_image  el_before_av_team_member '><span class='hr-inner '><span class=\"hr-inner-style\"><\/span><\/span><\/div><br \/>\n<section  class='avia-team-member av-lgnrygxy-fd0758f295e06828c36ea12b52efa91b  avia-builder-el-7  el_after_av_hr  avia-builder-el-last '  itemscope=\"itemscope\" itemtype=\"https:\/\/schema.org\/Person\" ><h3 class='team-member-name '  itemprop=\"name\" >Dr. Ferran Gil-Vernet MG<\/h3><div class='team-member-job-title '  itemprop=\"jobTitle\" >Non. Col. 3.04603.13<\/div><div class='team-member-description '  itemprop=\"description\" ><p>M\u00e9decine familiale et communautaire<br \/>\nM\u00e9decine sous-marine et hyperbare<\/p>\n<\/div><span class='hidden team-member-affiliation'  itemprop=\"affiliation\" >Centre M\u00e8dic Estartit<\/span><\/section><\/p><\/div>\n<div  class='flex_column av-e6szh-f4fba30ab4c57c334f5e1b62f4b99fb7 av_one_third  avia-builder-el-8  el_after_av_one_third  el_before_av_one_third  flex_column_div  column-top-margin'     ><p>\n<style type=\"text\/css\" data-created_by=\"avia_inline_auto\" id=\"style-css-av-hc4gl-2366ea19ef5ea528cf48001b59a2b115\">\n.avia-image-container.av-hc4gl-2366ea19ef5ea528cf48001b59a2b115 img.avia_image{\nbox-shadow:none;\n}\n.avia-image-container.av-hc4gl-2366ea19ef5ea528cf48001b59a2b115 .av-image-caption-overlay-center{\ncolor:#ffffff;\n}\n<\/style>\n<div  class='avia-image-container av-hc4gl-2366ea19ef5ea528cf48001b59a2b115 av-styling- avia-align-left  avia-builder-el-9  el_before_av_hr  avia-builder-el-first '   itemprop=\"image\" itemscope=\"itemscope\" itemtype=\"https:\/\/schema.org\/ImageObject\" ><div class=\"avia-image-container-inner\"><div class=\"avia-image-overlay-wrap\"><img decoding=\"async\" fetchpriority=\"high\" class='wp-image-524 avia-img-lazy-loading-not-524 avia_image ' src=\"https:\/\/www.centremedicestartit.com\/wp-content\/uploads\/2023\/04\/favicon.png\" alt='' title='Centre M\u00e8dic Estartit - Costa Brava'  height=\"64\" width=\"64\"  itemprop=\"thumbnailUrl\"  \/><\/div><\/div><\/div><br \/>\n\n<style type=\"text\/css\" data-created_by=\"avia_inline_auto\" id=\"style-css-av-lhex65kz-aa1e47ec99d5f8e9a71eef488ee7186c\">\n#top .hr.hr-invisible.av-lhex65kz-aa1e47ec99d5f8e9a71eef488ee7186c{\nheight:5px;\n}\n<\/style>\n<div  class='hr av-lhex65kz-aa1e47ec99d5f8e9a71eef488ee7186c hr-invisible  avia-builder-el-10  el_after_av_image  el_before_av_team_member '><span class='hr-inner '><span class=\"hr-inner-style\"><\/span><\/span><\/div><br \/>\n<section  class='avia-team-member av-lgnryva6-4970bcea65b99235b513fc87d7ad8032  avia-builder-el-11  el_after_av_hr  avia-builder-el-last '  itemscope=\"itemscope\" itemtype=\"https:\/\/schema.org\/Person\" ><h3 class='team-member-name '  itemprop=\"name\" >Dr. Maria J. Gomez<\/h3><div class='team-member-description '  itemprop=\"description\" ><p>M\u00e9decine familiale et communautaire<br \/>\nNHS General Participant (Royaume-Uni)<br \/>\nM\u00e9decine sous-marine et hyperbare<\/p>\n<\/div><span class='hidden team-member-affiliation'  itemprop=\"affiliation\" >Centre M\u00e8dic Estartit<\/span><\/section><\/p><\/div>\n<div  class='flex_column av-19i7qd-56aae8bf0099c05d32dd7bf6839d0dda av_one_third  avia-builder-el-12  el_after_av_one_third  el_before_av_one_third  flex_column_div  column-top-margin'     ><p>\n<style type=\"text\/css\" data-created_by=\"avia_inline_auto\" id=\"style-css-av-10chd1-3f9f91303aa69e50c588ecff77c97d46\">\n.avia-image-container.av-10chd1-3f9f91303aa69e50c588ecff77c97d46 img.avia_image{\nbox-shadow:none;\n}\n.avia-image-container.av-10chd1-3f9f91303aa69e50c588ecff77c97d46 .av-image-caption-overlay-center{\ncolor:#ffffff;\n}\n<\/style>\n<div  class='avia-image-container av-10chd1-3f9f91303aa69e50c588ecff77c97d46 av-styling- avia-align-left  avia-builder-el-13  el_before_av_hr  avia-builder-el-first '   itemprop=\"image\" itemscope=\"itemscope\" itemtype=\"https:\/\/schema.org\/ImageObject\" ><div class=\"avia-image-container-inner\"><div class=\"avia-image-overlay-wrap\"><img decoding=\"async\" fetchpriority=\"high\" class='wp-image-524 avia-img-lazy-loading-not-524 avia_image ' src=\"https:\/\/www.centremedicestartit.com\/wp-content\/uploads\/2023\/04\/favicon.png\" alt='' title='Centre M\u00e8dic Estartit - Costa Brava'  height=\"64\" width=\"64\"  itemprop=\"thumbnailUrl\"  \/><\/div><\/div><\/div><br \/>\n\n<style type=\"text\/css\" data-created_by=\"avia_inline_auto\" id=\"style-css-av-vho5h-d55e25656f84c486b0c1dcbc5c894db7\">\n#top .hr.hr-invisible.av-vho5h-d55e25656f84c486b0c1dcbc5c894db7{\nheight:5px;\n}\n<\/style>\n<div  class='hr av-vho5h-d55e25656f84c486b0c1dcbc5c894db7 hr-invisible  avia-builder-el-14  el_after_av_image  el_before_av_team_member '><span class='hr-inner '><span class=\"hr-inner-style\"><\/span><\/span><\/div><br \/>\n<section  class='avia-team-member av-meqx0x86-b5fa3b2349ec515fd78737a6b9d53b62  avia-builder-el-15  el_after_av_hr  avia-builder-el-last '  itemscope=\"itemscope\" itemtype=\"https:\/\/schema.org\/Person\" ><h3 class='team-member-name '  itemprop=\"name\" >Judit Gil-Vernet S\u00e1nchez<\/h3><div class='team-member-job-title '  itemprop=\"jobTitle\" >N\u00ba d\u2019inscription 16398 (Coll\u00e8ge des Physioth\u00e9rapeutes de Catalogne)<\/div><div class='team-member-description '  itemprop=\"description\" ><p>Physioth\u00e9rapeute et Ost\u00e9opathe<\/p>\n<\/div><span class='hidden team-member-affiliation'  itemprop=\"affiliation\" >Centre M\u00e8dic Estartit<\/span><\/section><\/p><\/div><div  class='flex_column av-pc3at-4fed53ac6c7afce21df037f611a18ccf av_one_third  avia-builder-el-16  el_after_av_one_third  avia-builder-el-last  first flex_column_div  column-top-margin'     ><p>\n<style type=\"text\/css\" data-created_by=\"avia_inline_auto\" id=\"style-css-av-nq7yt-026e93815de040730a54515f5d4393f1\">\n.avia-image-container.av-nq7yt-026e93815de040730a54515f5d4393f1 img.avia_image{\nbox-shadow:none;\n}\n.avia-image-container.av-nq7yt-026e93815de040730a54515f5d4393f1 .av-image-caption-overlay-center{\ncolor:#ffffff;\n}\n<\/style>\n<div  class='avia-image-container av-nq7yt-026e93815de040730a54515f5d4393f1 av-styling- avia-align-left  avia-builder-el-17  el_before_av_hr  avia-builder-el-first '   itemprop=\"image\" itemscope=\"itemscope\" itemtype=\"https:\/\/schema.org\/ImageObject\" ><div class=\"avia-image-container-inner\"><div class=\"avia-image-overlay-wrap\"><img decoding=\"async\" fetchpriority=\"high\" class='wp-image-524 avia-img-lazy-loading-not-524 avia_image ' src=\"https:\/\/www.centremedicestartit.com\/wp-content\/uploads\/2023\/04\/favicon.png\" alt='' title='Centre M\u00e8dic Estartit - Costa Brava'  height=\"64\" width=\"64\"  itemprop=\"thumbnailUrl\"  \/><\/div><\/div><\/div><br \/>\n\n<style type=\"text\/css\" data-created_by=\"avia_inline_auto\" id=\"style-css-av-1qj71-fe627721a8b00281f8367c79d8fbfe2f\">\n#top .hr.hr-invisible.av-1qj71-fe627721a8b00281f8367c79d8fbfe2f{\nheight:5px;\n}\n<\/style>\n<div  class='hr av-1qj71-fe627721a8b00281f8367c79d8fbfe2f hr-invisible  avia-builder-el-18  el_after_av_image  el_before_av_team_member '><span class='hr-inner '><span class=\"hr-inner-style\"><\/span><\/span><\/div><br \/>\n<section  class='avia-team-member av-meqx1lv2-5ca82eed5fd89100326baa7c11f2446a  avia-builder-el-19  el_after_av_hr  el_before_av_image '  itemscope=\"itemscope\" itemtype=\"https:\/\/schema.org\/Person\" ><h3 class='team-member-name '  itemprop=\"name\" >Ona Kleiner Darder<\/h3><div class='team-member-job-title '  itemprop=\"jobTitle\" >N\u00ba Col. 33859 (Coll\u00e8ge Officiel de Psychologie de Catalogne \u2013 COPC)<\/div><div class='team-member-description '  itemprop=\"description\" ><p>Psychologue juridique et m\u00e9dico-l\u00e9gale<\/p>\n<\/div><span class='hidden team-member-affiliation'  itemprop=\"affiliation\" >Centre M\u00e8dic Estartit<\/span><\/section><br \/>\n\n<style type=\"text\/css\" data-created_by=\"avia_inline_auto\" id=\"style-css-av-bawkl-835ae2c89acf9fb3b73fe938680d5c42\">\n.avia-image-container.av-bawkl-835ae2c89acf9fb3b73fe938680d5c42 img.avia_image{\nbox-shadow:none;\n}\n.avia-image-container.av-bawkl-835ae2c89acf9fb3b73fe938680d5c42 .av-image-caption-overlay-center{\ncolor:#ffffff;\n}\n<\/style>\n<div  class='avia-image-container av-bawkl-835ae2c89acf9fb3b73fe938680d5c42 av-styling- avia-align-left  avia-builder-el-20  el_after_av_team_member  avia-builder-el-last  imatge'   itemprop=\"image\" itemscope=\"itemscope\" itemtype=\"https:\/\/schema.org\/ImageObject\" ><div class=\"avia-image-container-inner\"><div class=\"avia-image-overlay-wrap\"><img decoding=\"async\" fetchpriority=\"high\" class='wp-image-1077 avia-img-lazy-loading-not-1077 avia_image ' src=\"https:\/\/www.centremedicestartit.com\/wp-content\/uploads\/2025\/08\/ona-kleiner-fr-3-300x120.png\" alt='' title='ona-kleiner-fr'  height=\"120\" width=\"300\"  itemprop=\"thumbnailUrl\" srcset=\"https:\/\/www.centremedicestartit.com\/wp-content\/uploads\/2025\/08\/ona-kleiner-fr-3-300x120.png 300w, https:\/\/www.centremedicestartit.com\/wp-content\/uploads\/2025\/08\/ona-kleiner-fr-3-1030x413.png 1030w, https:\/\/www.centremedicestartit.com\/wp-content\/uploads\/2025\/08\/ona-kleiner-fr-3-768x308.png 768w, https:\/\/www.centremedicestartit.com\/wp-content\/uploads\/2025\/08\/ona-kleiner-fr-3-705x282.png 705w, https:\/\/www.centremedicestartit.com\/wp-content\/uploads\/2025\/08\/ona-kleiner-fr-3.png 1378w\" sizes=\"(max-width: 300px) 100vw, 300px\" \/><\/div><\/div><\/div><\/p><\/div><\/p>\n","protected":false},"excerpt":{"rendered":"","protected":false},"author":3,"featured_media":0,"parent":0,"menu_order":0,"comment_status":"closed","ping_status":"closed","template":"","meta":{"footnotes":""},"class_list":["post-549","page","type-page","status-publish","hentry"],"yoast_head":"<!-- This site is optimized with the Yoast SEO plugin v26.8 - https:\/\/yoast.com\/product\/yoast-seo-wordpress\/ -->\n<title>Professionnels | Centre M\u00e8dic Estartit<\/title>\n<meta name=\"robots\" content=\"index, follow, max-snippet:-1, max-image-preview:large, max-video-preview:-1\" \/>\n<link rel=\"canonical\" href=\"https:\/\/www.centremedicestartit.com\/fr\/professionnels\/\" \/>\n<meta property=\"og:locale\" content=\"fr_FR\" \/>\n<meta property=\"og:type\" content=\"article\" \/>\n<meta property=\"og:title\" content=\"Professionnels | Centre M\u00e8dic Estartit\" \/>\n<meta property=\"og:url\" content=\"https:\/\/www.centremedicestartit.com\/fr\/professionnels\/\" \/>\n<meta property=\"og:site_name\" content=\"Centre M\u00e8dic Estartit\" \/>\n<meta property=\"article:modified_time\" content=\"2026-02-12T07:00:29+00:00\" \/>\n<meta property=\"og:image\" content=\"https:\/\/www.centremedicestartit.com\/wp-content\/uploads\/2023\/04\/logo-1.png\" \/>\n\t<meta property=\"og:image:width\" content=\"680\" \/>\n\t<meta property=\"og:image:height\" content=\"312\" \/>\n\t<meta property=\"og:image:type\" content=\"image\/png\" \/>\n<meta name=\"twitter:card\" content=\"summary_large_image\" \/>\n<script type=\"application\/ld+json\" class=\"yoast-schema-graph\">{\"@context\":\"https:\/\/schema.org\",\"@graph\":[{\"@type\":\"WebPage\",\"@id\":\"https:\/\/www.centremedicestartit.com\/fr\/professionnels\/\",\"url\":\"https:\/\/www.centremedicestartit.com\/fr\/professionnels\/\",\"name\":\"Professionnels | Centre M\u00e8dic Estartit\",\"isPartOf\":{\"@id\":\"https:\/\/www.centremedicestartit.com\/#website\"},\"datePublished\":\"2023-05-29T10:13:56+00:00\",\"dateModified\":\"2026-02-12T07:00:29+00:00\",\"breadcrumb\":{\"@id\":\"https:\/\/www.centremedicestartit.com\/fr\/professionnels\/#breadcrumb\"},\"inLanguage\":\"fr-FR\",\"potentialAction\":[{\"@type\":\"ReadAction\",\"target\":[\"https:\/\/www.centremedicestartit.com\/fr\/professionnels\/\"]}]},{\"@type\":\"BreadcrumbList\",\"@id\":\"https:\/\/www.centremedicestartit.com\/fr\/professionnels\/#breadcrumb\",\"itemListElement\":[{\"@type\":\"ListItem\",\"position\":1,\"name\":\"Inici\",\"item\":\"https:\/\/www.centremedicestartit.com\/fr\/maison\/\"},{\"@type\":\"ListItem\",\"position\":2,\"name\":\"Professionnels\"}]},{\"@type\":\"WebSite\",\"@id\":\"https:\/\/www.centremedicestartit.com\/#website\",\"url\":\"https:\/\/www.centremedicestartit.com\/\",\"name\":\"Centre M\u00e8dic Estartit\",\"description\":\"El teu centre m\u00e8dic de confian\u00e7a a la Costa Brava\",\"alternateName\":\"Centre M\u00e8dic Estartit\",\"potentialAction\":[{\"@type\":\"SearchAction\",\"target\":{\"@type\":\"EntryPoint\",\"urlTemplate\":\"https:\/\/www.centremedicestartit.com\/?s={search_term_string}\"},\"query-input\":{\"@type\":\"PropertyValueSpecification\",\"valueRequired\":true,\"valueName\":\"search_term_string\"}}],\"inLanguage\":\"fr-FR\"}]}<\/script>\n<!-- \/ Yoast SEO plugin. -->","yoast_head_json":{"title":"Professionnels | Centre M\u00e8dic Estartit","robots":{"index":"index","follow":"follow","max-snippet":"max-snippet:-1","max-image-preview":"max-image-preview:large","max-video-preview":"max-video-preview:-1"},"canonical":"https:\/\/www.centremedicestartit.com\/fr\/professionnels\/","og_locale":"fr_FR","og_type":"article","og_title":"Professionnels | Centre M\u00e8dic Estartit","og_url":"https:\/\/www.centremedicestartit.com\/fr\/professionnels\/","og_site_name":"Centre M\u00e8dic Estartit","article_modified_time":"2026-02-12T07:00:29+00:00","og_image":[{"width":680,"height":312,"url":"https:\/\/www.centremedicestartit.com\/wp-content\/uploads\/2023\/04\/logo-1.png","type":"image\/png"}],"twitter_card":"summary_large_image","schema":{"@context":"https:\/\/schema.org","@graph":[{"@type":"WebPage","@id":"https:\/\/www.centremedicestartit.com\/fr\/professionnels\/","url":"https:\/\/www.centremedicestartit.com\/fr\/professionnels\/","name":"Professionnels | Centre M\u00e8dic Estartit","isPartOf":{"@id":"https:\/\/www.centremedicestartit.com\/#website"},"datePublished":"2023-05-29T10:13:56+00:00","dateModified":"2026-02-12T07:00:29+00:00","breadcrumb":{"@id":"https:\/\/www.centremedicestartit.com\/fr\/professionnels\/#breadcrumb"},"inLanguage":"fr-FR","potentialAction":[{"@type":"ReadAction","target":["https:\/\/www.centremedicestartit.com\/fr\/professionnels\/"]}]},{"@type":"BreadcrumbList","@id":"https:\/\/www.centremedicestartit.com\/fr\/professionnels\/#breadcrumb","itemListElement":[{"@type":"ListItem","position":1,"name":"Inici","item":"https:\/\/www.centremedicestartit.com\/fr\/maison\/"},{"@type":"ListItem","position":2,"name":"Professionnels"}]},{"@type":"WebSite","@id":"https:\/\/www.centremedicestartit.com\/#website","url":"https:\/\/www.centremedicestartit.com\/","name":"Centre M\u00e8dic Estartit","description":"El teu centre m\u00e8dic de confian\u00e7a a la Costa Brava","alternateName":"Centre M\u00e8dic Estartit","potentialAction":[{"@type":"SearchAction","target":{"@type":"EntryPoint","urlTemplate":"https:\/\/www.centremedicestartit.com\/?s={search_term_string}"},"query-input":{"@type":"PropertyValueSpecification","valueRequired":true,"valueName":"search_term_string"}}],"inLanguage":"fr-FR"}]}},"_links":{"self":[{"href":"https:\/\/www.centremedicestartit.com\/fr\/wp-json\/wp\/v2\/pages\/549","targetHints":{"allow":["GET"]}}],"collection":[{"href":"https:\/\/www.centremedicestartit.com\/fr\/wp-json\/wp\/v2\/pages"}],"about":[{"href":"https:\/\/www.centremedicestartit.com\/fr\/wp-json\/wp\/v2\/types\/page"}],"author":[{"embeddable":true,"href":"https:\/\/www.centremedicestartit.com\/fr\/wp-json\/wp\/v2\/users\/3"}],"replies":[{"embeddable":true,"href":"https:\/\/www.centremedicestartit.com\/fr\/wp-json\/wp\/v2\/comments?post=549"}],"version-history":[{"count":10,"href":"https:\/\/www.centremedicestartit.com\/fr\/wp-json\/wp\/v2\/pages\/549\/revisions"}],"predecessor-version":[{"id":1173,"href":"https:\/\/www.centremedicestartit.com\/fr\/wp-json\/wp\/v2\/pages\/549\/revisions\/1173"}],"wp:attachment":[{"href":"https:\/\/www.centremedicestartit.com\/fr\/wp-json\/wp\/v2\/media?parent=549"}],"curies":[{"name":"wp","href":"https:\/\/api.w.org\/{rel}","templated":true}]}}